{"id":2230,"date":"2020-04-23T15:46:44","date_gmt":"2020-04-23T15:46:44","guid":{"rendered":"https:\/\/www.ascent-avocats.fr\/?page_id=2230"},"modified":"2020-06-08T12:40:44","modified_gmt":"2020-06-08T10:40:44","slug":"dispositions-legales-reglementaires","status":"publish","type":"page","link":"https:\/\/www.ascent-avocats.fr\/en\/dispositions-legales-reglementaires\/","title":{"rendered":"Dispositions l\u00e9gales et r\u00e9glementaires"},"content":{"rendered":"<p>Ascent Avocats vous propose de consulter les sources s\u00e9lectionn\u00e9es des dispositions l\u00e9gales et r\u00e9glementaires (liens directs L\u00e9gifrance).<\/p>\n<ul>\n<li>\n<h6><a href=\"https:\/\/www.legifrance.gouv.fr\/affichTexte.do?cidTexte=JORFTEXT000041842261\" target=\"_blank\" rel=\"noopener noreferrer\">Ordonnance n\u00b02020-507 du 02 mai 2020<\/a><\/h6>\n<\/li>\n<\/ul>\n<ul>\n<li>\n<h6><a href=\"https:\/\/www.legifrance.gouv.fr\/affichTexte.do?cidTexte=JORFTEXT000041842264&amp;categorieLien=id\" target=\"_blank\" rel=\"noopener noreferrer\">D\u00e9cret d\u2019application n\u00b02020-508 du 02 mai 202<\/a><\/h6>\n<\/li>\n<\/ul>\n<ul>\n<li>\n<h6><a href=\"https:\/\/www.legifrance.gouv.fr\/affichTexte.do?cidTexte=JORFTEXT000041842280&amp;categorieLien=id\" target=\"_blank\" rel=\"noopener noreferrer\">D\u00e9cret d\u2019application n\u00b02020-509 du 02 mai 202<\/a><\/h6>\n<\/li>\n<\/ul>\n<ul>\n<li>\n<h6><a href=\"https:\/\/www.legifrance.gouv.fr\/affichTexte.do?cidTexte=JORFTEXT000041755644\" target=\"_blank\" rel=\"noopener noreferrer\">Ordonnance 2020-306 du 25 mars 2020<\/a><\/h6>\n<\/li>\n<\/ul>\n<ul>\n<li>\n<h6><a href=\"https:\/\/www.legifrance.gouv.fr\/affichTexte.do?cidTexte=JORFTEXT000041820235&amp;categorieLien=id\" target=\"_blank\" rel=\"noopener noreferrer\">D\u00e9cret n\u00b02020-471 du 24 avril 2020 dans le domaine du travail et de l\u2019emploi<\/a><\/h6>\n<\/li>\n<\/ul>\n<ul>\n<li>\n<h6><a href=\"https:\/\/www.legifrance.gouv.fr\/affichTexte.do?cidTexte=JORFTEXT000041800899&amp;categorieLien=id\" target=\"_blank\" rel=\"noopener noreferrer\">Ordonnance n\u00b0 2020-427 du 15 avril 2020 portant diverses dispositions en mati\u00e8re de d\u00e9lais pour faire face \u00e0 l&#8217;\u00e9pid\u00e9mie de Covid-19<\/a><\/h6>\n<\/li>\n<\/ul>\n<ul>\n<li>\n<h6><a href=\"https:\/\/www.legifrance.gouv.fr\/affichTexte.do?cidTexte=JORFTEXT000041865244&amp;categorieLien=id\" target=\"_blank\" rel=\"noopener noreferrer\">Loi n\u00b02020-546 du 11 mai 2020<\/a><\/h6>\n<\/li>\n<\/ul>\n<ul>\n<li>\n<h6><a href=\"https:\/\/www.legifrance.gouv.fr\/affichTexte.do?cidTexte=JORFTEXT000041876355&amp;categorieLien=id\" target=\"_blank\" rel=\"noopener noreferrer\">Ordonnance n\u00b02020-560 du 13 mai 2020<\/a><\/h6>\n<\/li>\n<\/ul>\n<ul>\n<li>\n<h6><a href=\"https:\/\/www.legifrance.gouv.fr\/affichTexte.do?cidTexte=JORFTEXT000041776922\" target=\"_blank\" rel=\"noopener noreferrer\">Ordonnance n\u00b0 2020-389 du 1<sup>er<\/sup> avril 2020<\/a><\/h6>\n<\/li>\n<li>\n<h6><a href=\"https:\/\/www.legifrance.gouv.fr\/affichTexte.do?cidTexte=JORFTEXT000041762506&amp;categorieLien=id\" target=\"_blank\" rel=\"noopener noreferrer\">ordonnance n\u00b02020-346 du 27 mars 2020<\/a><\/h6>\n<\/li>\n<\/ul>\n<ul>\n<li>\n<h6><a href=\"https:\/\/www.legifrance.gouv.fr\/affichTexte.do?cidTexte=JORFTEXT000041800927&amp;categorieLien=id\" target=\"_blank\" rel=\"noopener noreferrer\">Ordonnance n\u00b02020-428 du 15 avril 2020<\/a><\/h6>\n<\/li>\n<\/ul>\n<ul>\n<li>\n<h6><a href=\"https:\/\/www.legifrance.gouv.fr\/affichTexte.do?cidTexte=JORFTEXT000041814597&amp;categorieLien=id\" target=\"_blank\" rel=\"noopener noreferrer\">Ordonnance n\u00b02020-460 du 22 avril 2020<\/a><\/h6>\n<\/li>\n<\/ul>\n<ul>\n<li>\n<h6><a href=\"https:\/\/www.legifrance.gouv.fr\/affichTexte.do?cidTexte=JORFTEXT000041804453&amp;categorieLien=id\" target=\"_blank\" rel=\"noopener noreferrer\">D\u00e9cret n\u00b02020-435 du 16 avril 2020 portant mesures d\u2019urgence en mati\u00e8re d\u2019Activit\u00e9 Partielle<\/a><\/h6>\n<\/li>\n<\/ul>\n<ul>\n<li>\n<h6><a href=\"https:\/\/www.legifrance.gouv.fr\/eli\/decret\/2020\/4\/8\/MTRT2009031D\/jo\/texte\" target=\"_blank\" rel=\"noopener noreferrer\">D\u00e9cret n\u00b0 2020-410 du 8 avril 2020 adaptant temporairement les d\u00e9lais de r\u00e9alisation des visites et examens m\u00e9dicaux par les services de sant\u00e9 au travail \u00e0 l&#8217;urgence sanitaire<\/a><\/h6>\n<\/li>\n<\/ul>\n<ul>\n<li>\n<h6><a href=\"https:\/\/www.legifrance.gouv.fr\/eli\/ordonnance\/2020\/4\/1\/MTRX2008693R\/jo\/texte\" target=\"_blank\" rel=\"noopener noreferrer\">Ordonnance n\u00b0 2020-389 du 1er avril 2020 portant mesures d\u2019urgence relatives aux instances repr\u00e9sentatives du personnel<\/a><\/h6>\n<\/li>\n<\/ul>\n<ul>\n<li>\n<h6><a href=\"https:\/\/www.legifrance.gouv.fr\/eli\/ordonnance\/2020\/4\/1\/MTRX2008694R\/jo\/texte\" target=\"_blank\" rel=\"noopener noreferrer\">Ordonnance n\u00b0 2020-387 du 1er avril 2020 portant mesures d\u2019urgence en mati\u00e8re de formation professionnelle<\/a><\/h6>\n<\/li>\n<\/ul>\n<ul>\n<li>\n<h6><a href=\"https:\/\/www.legifrance.gouv.fr\/eli\/ordonnance\/2020\/4\/1\/MTRX2008691R\/jo\/texte\" target=\"_blank\" rel=\"noopener noreferrer\">Ordonnance n\u00b0 2020-386 du 1er avril 2020 adaptant les conditions d\u2019exercice des missions des services de sant\u00e9 au travail \u00e0 l\u2019urgence sanitaire et modifiant le r\u00e9gime des demandes pr\u00e9alables d\u2019autorisation d\u2019activit\u00e9 partielle<\/a><\/h6>\n<\/li>\n<\/ul>\n<ul>\n<li>\n<h6><a href=\"https:\/\/www.legifrance.gouv.fr\/eli\/ordonnance\/2020\/4\/1\/MTRX2008547R\/jo\/texte\" target=\"_blank\" rel=\"noopener noreferrer\">Ordonnance n\u00b0 2020-385 du 1er avril 2020 modifiant la date limite et les conditions de versement de la prime exceptionnelle de pouvoir d\u2019achat<\/a><\/h6>\n<\/li>\n<\/ul>\n<ul>\n<li>\n<h6><a href=\"https:\/\/www.legifrance.gouv.fr\/eli\/ordonnance\/2020\/3\/27\/MTRX2008381R\/jo\/texte\" target=\"_blank\" rel=\"noopener noreferrer\">Ordonnance n\u00b0 2020-346 du 27 mars 2020 portant mesures d\u2019urgence en mati\u00e8re d\u2019activit\u00e9 partielle<\/a><\/h6>\n<\/li>\n<\/ul>\n<ul>\n<li>\n<h6><a href=\"https:\/\/www.legifrance.gouv.fr\/eli\/decret\/2020\/3\/25\/MTRD2007759D\/jo\/texte\" target=\"_blank\" rel=\"noopener noreferrer\">D\u00e9cret n\u00b0 2020-325 du 25 mars 2020 relatif \u00e0 l\u2019activit\u00e9 partielle<\/a><\/h6>\n<\/li>\n<\/ul>\n<ul>\n<li>\n<h6><a href=\"https:\/\/www.legifrance.gouv.fr\/eli\/ordonnance\/2020\/3\/25\/MTRD2008131R\/jo\/texte\" target=\"_blank\" rel=\"noopener noreferrer\">Ordonnance n\u00b0 2020-324 du 25 mars 2020 portant mesures d\u2019urgence en mati\u00e8re de revenus de remplacement mentionn\u00e9s \u00e0 l\u2019article L. 5421 2 du code du travail<\/a><\/h6>\n<\/li>\n<\/ul>\n<ul>\n<li>\n<h6><a href=\"https:\/\/www.legifrance.gouv.fr\/eli\/ordonnance\/2020\/3\/25\/MTRT2008162R\/jo\/texte\" target=\"_blank\" rel=\"noopener noreferrer\">Ordonnance n\u00b0 2020-323 du 25 mars 2020 portant mesures d\u2019urgence en mati\u00e8re de cong\u00e9s pay\u00e9s, de dur\u00e9e du travail et de jours de repos<\/a><\/h6>\n<\/li>\n<\/ul>\n<ul>\n<li>\n<h6><a href=\"https:\/\/www.legifrance.gouv.fr\/eli\/ordonnance\/2020\/3\/25\/MTRT2008165R\/jo\/texte\" target=\"_blank\" rel=\"noopener noreferrer\">Ordonnance n\u00b0 2020-322 du 25 mars 2020 adaptant temporairement les conditions et modalit\u00e9s d\u2019attribution de l\u2019indemnit\u00e9 compl\u00e9mentaire pr\u00e9vue \u00e0 l\u2019article L. 1226-1 du code du travail et modifiant, \u00e0 titre exceptionnel, les dates limites et les modalit\u00e9s de versement des sommes vers\u00e9es au titre de l\u2019int\u00e9ressement et de la participation<\/a><\/h6>\n<\/li>\n<\/ul>\n<ul>\n<li>\n<h6><a href=\"https:\/\/www.legifrance.gouv.fr\/eli\/loi\/2020\/3\/23\/PRMX2007883L\/jo\/texte\" target=\"_blank\" rel=\"noopener noreferrer\">LOI n\u00b0 2020-290 du 23 mars 2020 d\u2019urgence pour faire face \u00e0 l\u2019\u00e9pid\u00e9mie de covid-19<\/a><\/h6>\n<\/li>\n<\/ul>\n","protected":false},"excerpt":{"rendered":"<p>Ascent Avocats vous propose de consulter les sources s\u00e9lectionn\u00e9es des dispositions l\u00e9gales et r\u00e9glementaires (liens directs L\u00e9gifrance). Ordonnance n\u00b02020-507 du 02 mai 2020 D\u00e9cret d\u2019application n\u00b02020-508 du 02 mai 202 D\u00e9cret d\u2019application n\u00b02020-509 du 02 mai 202 Ordonnance 2020-306 du 25 mars 2020 D\u00e9cret n\u00b02020-471 du 24 avril 2020 dans le domaine du travail et&#8230; <a href=\"https:\/\/www.ascent-avocats.fr\/en\/dispositions-legales-reglementaires\/\" class=\"excerpt-read-more\">Read More<\/a><\/p>\n","protected":false},"author":1,"featured_media":0,"parent":0,"menu_order":0,"comment_status":"closed","ping_status":"closed","template":"","meta":{"footnotes":""},"class_list":["post-2230","page","type-page","status-publish","hentry"],"yoast_head":"<!-- This site is optimized with the Yoast SEO plugin v27.2 - https:\/\/yoast.com\/product\/yoast-seo-wordpress\/ -->\n<title>Dispositions l\u00e9gales et r\u00e9glementaires | Ascent Avocats<\/title>\n<meta name=\"robots\" content=\"index, follow, max-snippet:-1, max-image-preview:large, max-video-preview:-1\" \/>\n<link rel=\"canonical\" href=\"https:\/\/www.ascent-avocats.fr\/en\/dispositions-legales-reglementaires\/\" \/>\n<meta property=\"og:locale\" content=\"en_US\" \/>\n<meta property=\"og:type\" content=\"article\" \/>\n<meta property=\"og:title\" content=\"Dispositions l\u00e9gales et r\u00e9glementaires | Ascent Avocats\" \/>\n<meta property=\"og:description\" content=\"Ascent Avocats vous propose de consulter les sources s\u00e9lectionn\u00e9es des dispositions l\u00e9gales et r\u00e9glementaires (liens directs L\u00e9gifrance). Ordonnance n\u00b02020-507 du 02 mai 2020 D\u00e9cret d\u2019application n\u00b02020-508 du 02 mai 202 D\u00e9cret d\u2019application n\u00b02020-509 du 02 mai 202 Ordonnance 2020-306 du 25 mars 2020 D\u00e9cret n\u00b02020-471 du 24 avril 2020 dans le domaine du travail et... Read More\" \/>\n<meta property=\"og:url\" content=\"https:\/\/www.ascent-avocats.fr\/en\/dispositions-legales-reglementaires\/\" \/>\n<meta property=\"og:site_name\" content=\"Ascent Avocats\" \/>\n<meta property=\"article:modified_time\" content=\"2020-06-08T10:40:44+00:00\" \/>\n<meta name=\"twitter:card\" content=\"summary_large_image\" \/>\n<meta name=\"twitter:label1\" content=\"Est. reading time\" \/>\n\t<meta name=\"twitter:data1\" content=\"2 minutes\" \/>\n<script type=\"application\/ld+json\" class=\"yoast-schema-graph\">{\"@context\":\"https:\/\/schema.org\",\"@graph\":[{\"@type\":\"WebPage\",\"@id\":\"https:\/\/www.ascent-avocats.fr\/en\/dispositions-legales-reglementaires\/\",\"url\":\"https:\/\/www.ascent-avocats.fr\/en\/dispositions-legales-reglementaires\/\",\"name\":\"Dispositions l\u00e9gales et r\u00e9glementaires | Ascent Avocats\",\"isPartOf\":{\"@id\":\"https:\/\/www.ascent-avocats.fr\/#website\"},\"datePublished\":\"2020-04-23T15:46:44+00:00\",\"dateModified\":\"2020-06-08T10:40:44+00:00\",\"breadcrumb\":{\"@id\":\"https:\/\/www.ascent-avocats.fr\/en\/dispositions-legales-reglementaires\/#breadcrumb\"},\"inLanguage\":\"en-US\",\"potentialAction\":[{\"@type\":\"ReadAction\",\"target\":[\"https:\/\/www.ascent-avocats.fr\/en\/dispositions-legales-reglementaires\/\"]}]},{\"@type\":\"BreadcrumbList\",\"@id\":\"https:\/\/www.ascent-avocats.fr\/en\/dispositions-legales-reglementaires\/#breadcrumb\",\"itemListElement\":[{\"@type\":\"ListItem\",\"position\":1,\"name\":\"Home\",\"item\":\"https:\/\/www.ascent-avocats.fr\/en\/\"},{\"@type\":\"ListItem\",\"position\":2,\"name\":\"Dispositions l\u00e9gales et r\u00e9glementaires\"}]},{\"@type\":\"WebSite\",\"@id\":\"https:\/\/www.ascent-avocats.fr\/#website\",\"url\":\"https:\/\/www.ascent-avocats.fr\/\",\"name\":\"Ascent Avocats\",\"description\":\"Avocats sp\u00e9cialistes en droit social Conseil en ressources humaines\",\"publisher\":{\"@id\":\"https:\/\/www.ascent-avocats.fr\/#organization\"},\"potentialAction\":[{\"@type\":\"SearchAction\",\"target\":{\"@type\":\"EntryPoint\",\"urlTemplate\":\"https:\/\/www.ascent-avocats.fr\/?s={search_term_string}\"},\"query-input\":{\"@type\":\"PropertyValueSpecification\",\"valueRequired\":true,\"valueName\":\"search_term_string\"}}],\"inLanguage\":\"en-US\"},{\"@type\":\"Organization\",\"@id\":\"https:\/\/www.ascent-avocats.fr\/#organization\",\"name\":\"Ascent Avocats - Social Law\",\"url\":\"https:\/\/www.ascent-avocats.fr\/\",\"logo\":{\"@type\":\"ImageObject\",\"inLanguage\":\"en-US\",\"@id\":\"https:\/\/www.ascent-avocats.fr\/#\/schema\/logo\/image\/\",\"url\":\"https:\/\/www.ascent-avocats.fr\/wp-content\/uploads\/2020\/05\/Logo-Ascent.jpg\",\"contentUrl\":\"https:\/\/www.ascent-avocats.fr\/wp-content\/uploads\/2020\/05\/Logo-Ascent.jpg\",\"width\":853,\"height\":280,\"caption\":\"Ascent Avocats - Social Law\"},\"image\":{\"@id\":\"https:\/\/www.ascent-avocats.fr\/#\/schema\/logo\/image\/\"}}]}<\/script>\n<!-- \/ Yoast SEO plugin. -->","yoast_head_json":{"title":"Dispositions l\u00e9gales et r\u00e9glementaires | Ascent Avocats","robots":{"index":"index","follow":"follow","max-snippet":"max-snippet:-1","max-image-preview":"max-image-preview:large","max-video-preview":"max-video-preview:-1"},"canonical":"https:\/\/www.ascent-avocats.fr\/en\/dispositions-legales-reglementaires\/","og_locale":"en_US","og_type":"article","og_title":"Dispositions l\u00e9gales et r\u00e9glementaires | Ascent Avocats","og_description":"Ascent Avocats vous propose de consulter les sources s\u00e9lectionn\u00e9es des dispositions l\u00e9gales et r\u00e9glementaires (liens directs L\u00e9gifrance). Ordonnance n\u00b02020-507 du 02 mai 2020 D\u00e9cret d\u2019application n\u00b02020-508 du 02 mai 202 D\u00e9cret d\u2019application n\u00b02020-509 du 02 mai 202 Ordonnance 2020-306 du 25 mars 2020 D\u00e9cret n\u00b02020-471 du 24 avril 2020 dans le domaine du travail et... Read More","og_url":"https:\/\/www.ascent-avocats.fr\/en\/dispositions-legales-reglementaires\/","og_site_name":"Ascent Avocats","article_modified_time":"2020-06-08T10:40:44+00:00","twitter_card":"summary_large_image","twitter_misc":{"Est. reading time":"2 minutes"},"schema":{"@context":"https:\/\/schema.org","@graph":[{"@type":"WebPage","@id":"https:\/\/www.ascent-avocats.fr\/en\/dispositions-legales-reglementaires\/","url":"https:\/\/www.ascent-avocats.fr\/en\/dispositions-legales-reglementaires\/","name":"Dispositions l\u00e9gales et r\u00e9glementaires | Ascent Avocats","isPartOf":{"@id":"https:\/\/www.ascent-avocats.fr\/#website"},"datePublished":"2020-04-23T15:46:44+00:00","dateModified":"2020-06-08T10:40:44+00:00","breadcrumb":{"@id":"https:\/\/www.ascent-avocats.fr\/en\/dispositions-legales-reglementaires\/#breadcrumb"},"inLanguage":"en-US","potentialAction":[{"@type":"ReadAction","target":["https:\/\/www.ascent-avocats.fr\/en\/dispositions-legales-reglementaires\/"]}]},{"@type":"BreadcrumbList","@id":"https:\/\/www.ascent-avocats.fr\/en\/dispositions-legales-reglementaires\/#breadcrumb","itemListElement":[{"@type":"ListItem","position":1,"name":"Home","item":"https:\/\/www.ascent-avocats.fr\/en\/"},{"@type":"ListItem","position":2,"name":"Dispositions l\u00e9gales et r\u00e9glementaires"}]},{"@type":"WebSite","@id":"https:\/\/www.ascent-avocats.fr\/#website","url":"https:\/\/www.ascent-avocats.fr\/","name":"Ascent Avocats","description":"Avocats sp\u00e9cialistes en droit social Conseil en ressources humaines","publisher":{"@id":"https:\/\/www.ascent-avocats.fr\/#organization"},"potentialAction":[{"@type":"SearchAction","target":{"@type":"EntryPoint","urlTemplate":"https:\/\/www.ascent-avocats.fr\/?s={search_term_string}"},"query-input":{"@type":"PropertyValueSpecification","valueRequired":true,"valueName":"search_term_string"}}],"inLanguage":"en-US"},{"@type":"Organization","@id":"https:\/\/www.ascent-avocats.fr\/#organization","name":"Ascent Avocats - Social Law","url":"https:\/\/www.ascent-avocats.fr\/","logo":{"@type":"ImageObject","inLanguage":"en-US","@id":"https:\/\/www.ascent-avocats.fr\/#\/schema\/logo\/image\/","url":"https:\/\/www.ascent-avocats.fr\/wp-content\/uploads\/2020\/05\/Logo-Ascent.jpg","contentUrl":"https:\/\/www.ascent-avocats.fr\/wp-content\/uploads\/2020\/05\/Logo-Ascent.jpg","width":853,"height":280,"caption":"Ascent Avocats - Social Law"},"image":{"@id":"https:\/\/www.ascent-avocats.fr\/#\/schema\/logo\/image\/"}}]}},"_links":{"self":[{"href":"https:\/\/www.ascent-avocats.fr\/en\/wp-json\/wp\/v2\/pages\/2230","targetHints":{"allow":["GET"]}}],"collection":[{"href":"https:\/\/www.ascent-avocats.fr\/en\/wp-json\/wp\/v2\/pages"}],"about":[{"href":"https:\/\/www.ascent-avocats.fr\/en\/wp-json\/wp\/v2\/types\/page"}],"author":[{"embeddable":true,"href":"https:\/\/www.ascent-avocats.fr\/en\/wp-json\/wp\/v2\/users\/1"}],"replies":[{"embeddable":true,"href":"https:\/\/www.ascent-avocats.fr\/en\/wp-json\/wp\/v2\/comments?post=2230"}],"version-history":[{"count":0,"href":"https:\/\/www.ascent-avocats.fr\/en\/wp-json\/wp\/v2\/pages\/2230\/revisions"}],"wp:attachment":[{"href":"https:\/\/www.ascent-avocats.fr\/en\/wp-json\/wp\/v2\/media?parent=2230"}],"curies":[{"name":"wp","href":"https:\/\/api.w.org\/{rel}","templated":true}]}}